{"id":3421,"date":"2021-04-28T10:18:40","date_gmt":"2021-04-28T08:18:40","guid":{"rendered":"https:\/\/www.bois-plus.net\/magasin\/?page_id=3421"},"modified":"2021-09-27T11:53:34","modified_gmt":"2021-09-27T09:53:34","slug":"abris-jardin-savenay","status":"publish","type":"page","link":"https:\/\/www.bois-plus.net\/magasin\/abris-jardin-savenay","title":{"rendered":"Abris de jardin"},"content":{"rendered":"<div class=\"wpb-content-wrapper\"><p>[vc_row content_placement=\u00a0\u00bbmiddle\u00a0\u00bb wrap_container=\u00a0\u00bbyes\u00a0\u00bb el_class=\u00a0\u00bbmy-5 pt-md-4 pt-xl-0&Prime;][vc_column el_class=\u00a0\u00bbpb-sm-4 pb-lg-0 mb-5 mb-lg-0&Prime; offset=\u00a0\u00bbvc_col-md-6&Prime;][vc_custom_heading text=\u00a0\u00bbAbris de jardin\u00a0\u00bb font_container=\u00a0\u00bbtag:h1|text_align:left|color:%23b58100&Prime; google_fonts=\u00a0\u00bbfont_family:Allerta%20Stencil%3Aregular|font_style:400%20regular%3A400%3Anormal\u00a0\u00bb font_weight=\u00a0\u00bb500&Prime; skin=\u00a0\u00bbprimary\u00a0\u00bb animation_type=\u00a0\u00bbfadeInUp\u00a0\u00bb el_class=\u00a0\u00bbmb-0&Prime;][vc_separator color=\u00a0\u00bbcustom\u00a0\u00bb align=\u00a0\u00bbalign_left\u00a0\u00bb border_width=\u00a0\u00bb4&Prime; css_animation=\u00a0\u00bbleft-to-right\u00a0\u00bb style=\u00a0\u00bbsolid\u00a0\u00bb el_class=\u00a0\u00bbcustom-separator customLineProgressAnim my-3&Prime; accent_color=\u00a0\u00bb#60911b\u00a0\u00bb][vc_custom_heading text=\u00a0\u00bbVous souhaitez un abri de jardin pour ranger et stocker tout votre mat\u00e9riel ?\u00a0\u00bb font_container=\u00a0\u00bbtag:h5|font_size:18|text_align:left\u00a0\u00bb use_theme_fonts=\u00a0\u00bbyes\u00a0\u00bb animation_delay=\u00a0\u00bb700&Prime; el_class=\u00a0\u00bbpb-1 mb-4&Prime; animation_type=\u00a0\u00bbfadeInUp\u00a0\u00bb][vc_custom_heading text=\u00a0\u00bbChoisissez nos abris de jardin sur mesure et trait\u00e9s pour l\u2019ext\u00e9rieur, avec une porte coulissante et des t\u00f4les pour la couverture !\u00a0\u00bb font_container=\u00a0\u00bbtag:h5|font_size:18|text_align:left\u00a0\u00bb use_theme_fonts=\u00a0\u00bbyes\u00a0\u00bb animation_delay=\u00a0\u00bb700&Prime; el_class=\u00a0\u00bbpb-1 mb-4&Prime; animation_type=\u00a0\u00bbfadeInUp\u00a0\u00bb][vc_custom_heading text=\u00a0\u00bbA vous de d\u00e9finir vos dimensions : longueur x largeur, une porte coulissante simple ou double.\u00a0\u00bb font_container=\u00a0\u00bbtag:h5|font_size:18|text_align:left\u00a0\u00bb use_theme_fonts=\u00a0\u00bbyes\u00a0\u00bb animation_delay=\u00a0\u00bb700&Prime; el_class=\u00a0\u00bbpb-1 mb-4&Prime; animation_type=\u00a0\u00bbfadeInUp\u00a0\u00bb][vc_custom_heading text=\u00a0\u00bbChoisissez \u00e9galement le type de couverture : t\u00f4le bac acier RAL 5008 et\/ou transparente, toit simple ou double pente.\u00a0\u00bb font_container=\u00a0\u00bbtag:h5|font_size:18|text_align:left\u00a0\u00bb use_theme_fonts=\u00a0\u00bbyes\u00a0\u00bb animation_delay=\u00a0\u00bb700&Prime; el_class=\u00a0\u00bbpb-1 mb-4&Prime; animation_type=\u00a0\u00bbfadeInUp\u00a0\u00bb]<style>.porto-info-list82747661ff06708a069314035f0c7871 i { color: #60911b;font-size: 20px; }<\/style><ul class=\"porto-info-list pb-1 mb-4 porto-info-list82747661ff06708a069314035f0c7871 wpb_custom_baff564b69768fd971ea97dd9b386e29\"><li class=\"porto-info-list-item  wpb_custom_eade0171093a7591372ccf9372738e3d\"><i class=\"porto-info-icon fas fa-check\"><\/i><div class=\"porto-info-list-item-desc\">\n<h5><span style=\"font-size: 18px;\"><strong><u>Option 1\u00a0:<\/u><\/strong><strong> Devis pour la fourniture du bois.<\/strong><\/span><\/h5>\n<p><\/div><\/li><li class=\"porto-info-list-item  wpb_custom_eade0171093a7591372ccf9372738e3d\"><i class=\"porto-info-icon fas fa-check\"><\/i><div class=\"porto-info-list-item-desc\">\n<h5><span style=\"font-size: 18px;\"><strong><u>Option 2\u00a0:<\/u><\/strong><strong> Devis pour un abri de jardin en kit (bois d\u00e9coup\u00e9 + notice de montage). <\/strong><\/span><\/h5>\n<p><\/div><\/li><\/ul><div class=\"porto-ultimate-content-box-container custom-view-more\" data-appear-animation=\"fadeInLeft\" data-appear-animation-delay=\"950\"><style>.porto_ucb_21b6bf01188be9ba0119a2cb5c097588{will-change: box-shadow;box-shadow: none;}.porto_ucb_21b6bf01188be9ba0119a2cb5c097588:hover{box-shadow:none}<\/style><div class=\"porto-ultimate-content-box porto_ucb_21b6bf01188be9ba0119a2cb5c097588\" style=\"\">[vc_btn title=\u00a0\u00bbDemander un devis\u00a0\u00bb shape=\u00a0\u00bbrounded\u00a0\u00bb size=\u00a0\u00bblg\u00a0\u00bb i_icon_fontawesome=\u00a0\u00bbfar fa-edit\u00a0\u00bb skin=\u00a0\u00bbsecondary\u00a0\u00bb btn_fs=\u00a0\u00bb14px\u00a0\u00bb btn_fw=\u00a0\u00bb700&Prime; btn_ls=\u00a0\u00bb0&Prime; animation_delay=\u00a0\u00bb\u00a0\u00bb add_icon=\u00a0\u00bbtrue\u00a0\u00bb link=\u00a0\u00bburl:https%3A%2F%2Fwww.bois-plus.net%2Fmagasin%2Fcontact%23formulaire-contact|title:Demander%20un%20devis\u00a0\u00bb btn_px=\u00a0\u00bb3rem\u00a0\u00bb btn_py=\u00a0\u00bb1.3132rem\u00a0\u00bb el_class=\u00a0\u00bbmb-sm-0 mr-sm-2&Prime;]<\/div><\/div><div class=\"porto-ultimate-content-box-container custom-view-more\" data-appear-animation=\"fadeInLeft\" data-appear-animation-delay=\"950\"><style>.porto_ucb_21b6bf01188be9ba0119a2cb5c097588{will-change: box-shadow;box-shadow: none;}.porto_ucb_21b6bf01188be9ba0119a2cb5c097588:hover{box-shadow:none}<\/style><div class=\"porto-ultimate-content-box porto_ucb_21b6bf01188be9ba0119a2cb5c097588\" style=\"\"><a aria-label=\"Appelez-nous au magasin\" class=\"porto-sicon-box-link\" href=\"tel:0240568989\"><div class=\"porto-sicon-box  vc_custom_1619610527434  wpb_custom_991192e517ba80822b25b68bbbc51b14 style_1 default-icon\"><div class=\"porto-sicon-default\"><div class=\"porto-just-icon-wrapper porto-icon none\" style=\"color:#212529;font-size:28.8px;margin-right:0px;\"><i class=\"Simple-Line-Icons-phone\"><\/i><\/div><\/div><div class=\"porto-sicon-header\"><h5 class=\"porto-sicon-title\" style=\"font-weight:600;font-size:11.2px;color:#777777;line-height:13.44px;margin-bottom:0px;\">Appelez-nous au magasin<\/h5><p style=\"font-weight:700;font-size:18.9px;line-height:1.2;color:#333333;\">02 40 56 89 89<\/p><\/div> <!-- header --><\/div><!-- porto-sicon-box --><\/a><\/div><\/div>[\/vc_column][vc_column width=\u00a0\u00bb3\/4&Prime; animation_delay=\u00a0\u00bb1450&Prime; el_class=\u00a0\u00bbpl-lg-5 pr-5 custom-auto-img\u00a0\u00bb offset=\u00a0\u00bbvc_col-md-6 vc_col-xs-10&Prime; animation_type=\u00a0\u00bbfadeInLeft\u00a0\u00bb]<div class=\"porto-portfolios porto-portfolioso97i wpb_content_element  porto-portfolio-49a15b18bd4722017b499dda5053a7db\"><h4 class=\"wpb_heading \">Abris de jardin - Bois Plus Cr\u00e9ation : D\u00e9couvrez nos mod\u00e8les sur-mesure<\/h4>\r\n\t<div class=\"page-portfolios clearfix portfolios-full wpb_custom_f766824d32289da1f974c4f6f5382936 m-t-lg\" id=\"porto_portfolios_08mc\">\r\n\r\n\t\r\n\t\r\n\t\t\t<div class=\"portfolios-container\">\r\n\r\n\t\r\n\t\r\n<article class=\"portfolio portfolio-full abri-de-jardin post-3566 type-portfolio status-publish has-post-thumbnail hentry portfolio_cat-abri-de-jardin portfolio_skills-bacacier portfolio_skills-bois portfolio_skills-classe-4 portfolio_skills-construction portfolio_skills-jardin portfolio_skills-lame-a-chalet portfolio_skills-polycarbonate portfolio_skills-porte-coulissante portfolio_skills-preau portfolio_skills-rangement portfolio_skills-toiture\">\r\n\t\t\t\t<a class=\"portfolio-link\" href=\"https:\/\/www.bois-plus.net\/magasin\/portfolio\/abris-de-jardin\">\r\n\t\t\t<span class=\"thumb-info m-b-xl thumb-info-lighten\">\r\n\t\t\t\t<span class=\"thumb-info-wrapper\">\r\n\t\t\t\t\t\t\t\t\t\t\t\t\t\t\t\t\t\t\t<img decoding=\"async\" class=\"img-responsive\" srcset=\"https:\/\/www.bois-plus.net\/magasin\/wp-content\/uploads\/2021\/07\/abri-jardin-double-pentes-2-560x367.png 575w, https:\/\/www.bois-plus.net\/magasin\/wp-content\/uploads\/2021\/07\/abri-jardin-double-pentes-2.png 900w\" sizes=\"(max-width: 575px) 560px, 900px\" src=\"https:\/\/www.bois-plus.net\/magasin\/wp-content\/uploads\/2021\/07\/abri-jardin-double-pentes-2.png\" alt=\"\" width=\"900\" height=\"636\" \/>\r\n\t\t\t\t\t\t\t\t\t\t\t\t\t\t\t\t\t\t\t\t\t\t\t\t<span class=\"thumb-info-action\">\r\n\t\t\t\t\t\t\t\t\t\t\t\t\t\t\t<span class=\"thumb-info-action-icon thumb-info-action-icon-primary\"><i class=\"fas fa-link\"><\/i><\/span>\r\n\t\t\t\t\t\t\t\t\t\t\t\t\t\t\t\t\t\t\t\t<\/span>\r\n\t\t\t\t\t\t\t\t\t\t\t\t\t\t<\/span>\r\n\t\t\t<\/span>\r\n\t\t<\/a>\r\n\t\r\n\t<div class=\"portfolio-info\">\r\n\t\t<ul>\r\n\t\t\t\t\t\t\t<li>\r\n\t\t\t\t\t<span class=\"portfolio-like\" title=\"Comme\" data-bs-tooltip data-id=\"3566\"><i class=\"fas fa-heart\"><\/i>17<\/span>\t\t\t\t<\/li>\r\n\t\t\t\t\t\t\t\t<li>\r\n\t\t\t\t\t<i class=\"far fa-calendar-alt\"><\/i> 05\/07\/2021\t\t\t\t<\/li>\r\n\t\t\t\t\t\t\t\t<li>\r\n\t\t\t\t\t<i class=\"fas fa-tags\"><\/i> <a href=\"https:\/\/www.bois-plus.net\/magasin\/portfolio_cat\/abri-de-jardin\" rel=\"tag\">abri de jardin<\/a>\t\t\t\t<\/li>\r\n\t\t\t\t\t\t\t\t<\/ul>\r\n\t<\/div>\r\n\r\n\t\t\t<h4 aria-level=\"3\" class=\"entry-title\"><a href=\"https:\/\/www.bois-plus.net\/magasin\/portfolio\/abris-de-jardin\">Abris de jardin &#8211; Bois Plus Cr\u00e9ation<\/a><\/h4>\r\n\t\r\n\t\t<div class=\"m-t-lg\">\r\n\t\t<span class=\"vcard\" style=\"display: none;\"><span class=\"fn\"><a href=\"https:\/\/www.bois-plus.net\/magasin\/author\/admin-boisplusmagasin\" title=\"Articles par admin-boisplusmagasin\" rel=\"author\">admin-boisplusmagasin<\/a><\/span><\/span><span class=\"updated\" style=\"display:none\">2023-02-13T15:34:18+01:00<\/span><p class=\"post-excerpt\"><\/p>\t<\/div>\r\n\t\t<h4 class=\"sr-only\">Plus d&#039;information<\/h4>\r\n\t\t\t<ul class=\"portfolio-details\">\r\n\t\t\t\t<li class=\"skill-list\">\r\n\t\t\t\t<h5><i class=\"fas fa-caret-right\"><\/i>Comp\u00e9tences:<\/h5>\r\n\t\t\t\t<a href=\"https:\/\/www.bois-plus.net\/magasin\/portfolio_skill\/bacacier\" rel=\"tag\">bacacier<\/a><a href=\"https:\/\/www.bois-plus.net\/magasin\/portfolio_skill\/bois\" rel=\"tag\">bois<\/a><a href=\"https:\/\/www.bois-plus.net\/magasin\/portfolio_skill\/classe-4\" rel=\"tag\">classe 4<\/a><a href=\"https:\/\/www.bois-plus.net\/magasin\/portfolio_skill\/construction\" rel=\"tag\">construction<\/a><a href=\"https:\/\/www.bois-plus.net\/magasin\/portfolio_skill\/jardin\" rel=\"tag\">jardin<\/a><a href=\"https:\/\/www.bois-plus.net\/magasin\/portfolio_skill\/lame-a-chalet\" rel=\"tag\">lame \u00e0 chalet<\/a><a href=\"https:\/\/www.bois-plus.net\/magasin\/portfolio_skill\/polycarbonate\" rel=\"tag\">polycarbonate<\/a><a href=\"https:\/\/www.bois-plus.net\/magasin\/portfolio_skill\/porte-coulissante\" rel=\"tag\">porte coulissante<\/a><a href=\"https:\/\/www.bois-plus.net\/magasin\/portfolio_skill\/preau\" rel=\"tag\">pr\u00e9au<\/a><a href=\"https:\/\/www.bois-plus.net\/magasin\/portfolio_skill\/rangement\" rel=\"tag\">rangement<\/a><a href=\"https:\/\/www.bois-plus.net\/magasin\/portfolio_skill\/toiture\" rel=\"tag\">toiture<\/a>\t\t\t<\/li>\r\n\t\t\t<\/ul>\r\n\t\r\n<\/article>\r\n\r\n\t\r\n\t\r\n\t\t<\/div>\r\n\r\n\t\r\n\t\r\n\t<\/div>\r\n\r\n\t\r\n\t\r\n\t<\/div>[\/vc_column][\/vc_row]<\/p>\n<\/div>","protected":false},"excerpt":{"rendered":"<p>[vc_row content_placement=\u00a0\u00bbmiddle\u00a0\u00bb wrap_container=\u00a0\u00bbyes\u00a0\u00bb el_class=\u00a0\u00bbmy-5 pt-md-4 pt-xl-0&Prime;][vc_column el_class=\u00a0\u00bbpb-sm-4 pb-lg-0 mb-5 mb-lg-0&Prime; offset=\u00a0\u00bbvc_col-md-6&Prime;][vc_custom_heading text=\u00a0\u00bbAbris de jardin\u00a0\u00bb font_container=\u00a0\u00bbtag:h1|text_align:left|color:%23b58100&Prime; google_fonts=\u00a0\u00bbfont_family:Allerta%20Stencil%3Aregular|font_style:400%20regular%3A400%3Anormal\u00a0\u00bb font_weight=\u00a0\u00bb500&Prime; skin=\u00a0\u00bbprimary\u00a0\u00bb animation_type=\u00a0\u00bbfadeInUp\u00a0\u00bb el_class=\u00a0\u00bbmb-0&Prime;][vc_separator color=\u00a0\u00bbcustom\u00a0\u00bb align=\u00a0\u00bbalign_left\u00a0\u00bb border_width=\u00a0\u00bb4&Prime; css_animation=\u00a0\u00bbleft-to-right\u00a0\u00bb style=\u00a0\u00bbsolid\u00a0\u00bb el_class=\u00a0\u00bbcustom-separator customLineProgressAnim my-3&Prime; accent_color=\u00a0\u00bb#60911b\u00a0\u00bb][vc_custom_heading text=\u00a0\u00bbVous souhaitez un abri de jardin pour ranger et stocker tout votre mat\u00e9riel ?\u00a0\u00bb font_container=\u00a0\u00bbtag:h5|font_size:18|text_align:left\u00a0\u00bb use_theme_fonts=\u00a0\u00bbyes\u00a0\u00bb animation_delay=\u00a0\u00bb700&Prime; el_class=\u00a0\u00bbpb-1 mb-4&Prime; animation_type=\u00a0\u00bbfadeInUp\u00a0\u00bb][vc_custom_heading text=\u00a0\u00bbChoisissez nos abris de jardin sur [&hellip;]<\/p>\n","protected":false},"author":1,"featured_media":0,"parent":0,"menu_order":0,"comment_status":"closed","ping_status":"closed","template":"","meta":{"footnotes":""},"class_list":["post-3421","page","type-page","status-publish","hentry"],"aioseo_notices":[],"_links":{"self":[{"href":"https:\/\/www.bois-plus.net\/magasin\/wp-json\/wp\/v2\/pages\/3421","targetHints":{"allow":["GET"]}}],"collection":[{"href":"https:\/\/www.bois-plus.net\/magasin\/wp-json\/wp\/v2\/pages"}],"about":[{"href":"https:\/\/www.bois-plus.net\/magasin\/wp-json\/wp\/v2\/types\/page"}],"author":[{"embeddable":true,"href":"https:\/\/www.bois-plus.net\/magasin\/wp-json\/wp\/v2\/users\/1"}],"replies":[{"embeddable":true,"href":"https:\/\/www.bois-plus.net\/magasin\/wp-json\/wp\/v2\/comments?post=3421"}],"version-history":[{"count":0,"href":"https:\/\/www.bois-plus.net\/magasin\/wp-json\/wp\/v2\/pages\/3421\/revisions"}],"wp:attachment":[{"href":"https:\/\/www.bois-plus.net\/magasin\/wp-json\/wp\/v2\/media?parent=3421"}],"curies":[{"name":"wp","href":"https:\/\/api.w.org\/{rel}","templated":true}]}}